{"id":1921,"date":"2022-06-29T07:37:00","date_gmt":"2022-06-29T12:37:00","guid":{"rendered":"https:\/\/educacion.crantioquia.org.co\/index.php\/nuestro-instituto-3\/"},"modified":"2023-04-18T23:26:27","modified_gmt":"2023-04-19T04:26:27","slug":"beneficios-corporativos","status":"publish","type":"page","link":"https:\/\/educacion.crantioquia.org.co\/index.php\/beneficios-corporativos\/","title":{"rendered":"Beneficios Corporativos"},"content":{"rendered":"<p>[et_pb_section fb_built=&#8221;1&#8243; custom_padding_last_edited=&#8221;on|desktop&#8221; disabled_on=&#8221;off|off|off&#8221; admin_label=&#8221;Header&#8221; _builder_version=&#8221;4.17.6&#8243; use_background_color_gradient=&#8221;on&#8221; background_color_gradient_stops=&#8221;rgba(0,0,0,0) 0%|rgba(255,255,255,0.24) 80%&#8221; background_color_gradient_overlays_image=&#8221;on&#8221; background_color_gradient_start=&#8221;rgba(0,0,0,0)&#8221; background_color_gradient_end=&#8221;rgba(255,255,255,0.24)&#8221; background_color_gradient_end_position=&#8221;80%&#8221; background_image=&#8221;http:\/\/educacion.crantioquia.org.co\/wp-content\/uploads\/2021\/09\/banner_2.jpg&#8221; background_position=&#8221;top_right&#8221; background_horizontal_offset=&#8221;0%&#8221; background_vertical_offset=&#8221;15%&#8221; min_height=&#8221;364.5px&#8221; custom_padding=&#8221;110px||7px||false|false&#8221; custom_padding_tablet=&#8221;140px|0px|0px|0px|false|false&#8221; custom_padding_phone=&#8221;120px||0px||false|false&#8221; background_last_edited=&#8221;on|desktop&#8221; background_enable_image_phone=&#8221;off&#8221; da_disable_devices=&#8221;off|off|off&#8221; global_colors_info=&#8221;{}&#8221; da_is_popup=&#8221;off&#8221; da_exit_intent=&#8221;off&#8221; da_has_close=&#8221;on&#8221; da_alt_close=&#8221;off&#8221; da_dark_close=&#8221;off&#8221; da_not_modal=&#8221;on&#8221; da_is_singular=&#8221;off&#8221; da_with_loader=&#8221;off&#8221; da_has_shadow=&#8221;on&#8221;][et_pb_row column_structure=&#8221;1_2,1_2&#8243; custom_padding_last_edited=&#8221;on|phone&#8221; _builder_version=&#8221;4.16&#8243; max_width=&#8221;1280px&#8221; custom_padding_tablet=&#8221;120px||||false|false&#8221; custom_padding_phone=&#8221;||0px||false|false&#8221; use_custom_width=&#8221;on&#8221; custom_width_px=&#8221;1280px&#8221; global_colors_info=&#8221;{}&#8221;][et_pb_column type=&#8221;1_2&#8243; _builder_version=&#8221;4.16&#8243; custom_padding=&#8221;|||&#8221; global_colors_info=&#8221;{}&#8221; custom_padding__hover=&#8221;|||&#8221;][et_pb_text _builder_version=&#8221;4.16&#8243; text_font=&#8221;||||||||&#8221; text_font_size=&#8221;15px&#8221; text_line_height=&#8221;2em&#8221; header_font=&#8221;||||||||&#8221; header_line_height=&#8221;1.3em&#8221; max_width=&#8221;600px&#8221; text_font_size_tablet=&#8221;&#8221; text_font_size_phone=&#8221;14px&#8221; text_font_size_last_edited=&#8221;on|phone&#8221; text_line_height_tablet=&#8221;&#8221; text_line_height_phone=&#8221;1.6em&#8221; text_line_height_last_edited=&#8221;on|phone&#8221; header_font_size_tablet=&#8221;50px&#8221; header_font_size_phone=&#8221;20px&#8221; header_font_size_last_edited=&#8221;on|phone&#8221; global_colors_info=&#8221;{}&#8221;]<\/p>\n<h1>Beneficios Corporativos<\/h1>\n<p>Conoce aqu\u00ed las empresas e instituciones con las que tenemos convenios y\/o alianzas pensadas en tu bienestar y crecimiento.<\/p>\n<p>[\/et_pb_text][\/et_pb_column][et_pb_column type=&#8221;1_2&#8243; _builder_version=&#8221;4.16&#8243; custom_padding=&#8221;|||&#8221; global_colors_info=&#8221;{}&#8221; custom_padding__hover=&#8221;|||&#8221;][\/et_pb_column][\/et_pb_row][\/et_pb_section][et_pb_section fb_built=&#8221;1&#8243; custom_padding_last_edited=&#8221;on|phone&#8221; admin_label=&#8221;About Us&#8221; _builder_version=&#8221;4.16&#8243; min_height=&#8221;218.7px&#8221; custom_margin_tablet=&#8221;&#8221; custom_margin_phone=&#8221;0px||||false|false&#8221; custom_margin_last_edited=&#8221;on|phone&#8221; custom_padding=&#8221;||10px|||&#8221; custom_padding_tablet=&#8221;0px||||false|false&#8221; custom_padding_phone=&#8221;0px||||false|false&#8221; da_disable_devices=&#8221;off|off|off&#8221; global_colors_info=&#8221;{}&#8221; da_is_popup=&#8221;off&#8221; da_exit_intent=&#8221;off&#8221; da_has_close=&#8221;on&#8221; da_alt_close=&#8221;off&#8221; da_dark_close=&#8221;off&#8221; da_not_modal=&#8221;on&#8221; da_is_singular=&#8221;off&#8221; da_with_loader=&#8221;off&#8221; da_has_shadow=&#8221;on&#8221;][et_pb_row column_structure=&#8221;1_4,1_4,1_4,1_4&#8243; _builder_version=&#8221;4.17.4&#8243; _module_preset=&#8221;default&#8221; min_height=&#8221;288.2px&#8221; global_colors_info=&#8221;{}&#8221;][et_pb_column type=&#8221;1_4&#8243; _builder_version=&#8221;4.17.4&#8243; _module_preset=&#8221;default&#8221; global_colors_info=&#8221;{}&#8221;][et_pb_image src=&#8221;http:\/\/educacion.crantioquia.org.co\/wp-content\/uploads\/2022\/07\/COMFENALCO.png&#8221; title_text=&#8221;COMFENALCO&#8221; url=&#8221;#BENEFICIOS-COMFENALCO&#8221; _builder_version=&#8221;4.17.6&#8243; _module_preset=&#8221;default&#8221; global_colors_info=&#8221;{}&#8221;][\/et_pb_image][et_pb_text _builder_version=&#8221;4.17.6&#8243; _module_preset=&#8221;default&#8221; custom_margin=&#8221;||42px|||&#8221; global_colors_info=&#8221;{}&#8221;]<\/p>\n<h4 style=\"text-align: center;\">ALIANZA COMFENALCO<\/h4>\n<p>[\/et_pb_text][et_pb_button button_url=&#8221;#BENEFICIOS-COMFENALCO&#8221; button_text=&#8221;M\u00e1s informaci\u00f3n&#8221; button_alignment=&#8221;center&#8221; _builder_version=&#8221;4.17.6&#8243; _module_preset=&#8221;default&#8221; custom_button=&#8221;on&#8221; button_text_size=&#8221;17px&#8221; button_text_color=&#8221;#FFFFFF&#8221; button_bg_color=&#8221;#E02B20&#8243; button_border_radius=&#8221;100px&#8221; animation_style=&#8221;fade&#8221; global_colors_info=&#8221;{}&#8221;][\/et_pb_button][\/et_pb_column][et_pb_column type=&#8221;1_4&#8243; _builder_version=&#8221;4.17.4&#8243; _module_preset=&#8221;default&#8221; global_colors_info=&#8221;{}&#8221;][et_pb_image src=&#8221;http:\/\/educacion.crantioquia.org.co\/wp-content\/uploads\/2022\/07\/COMFAMA.png&#8221; title_text=&#8221;COMFAMA&#8221; url=&#8221;#BENEFICIOS-COMFAMA&#8221; disabled_on=&#8221;off|off|off&#8221; _builder_version=&#8221;4.17.6&#8243; _module_preset=&#8221;default&#8221; global_colors_info=&#8221;{}&#8221;][\/et_pb_image][et_pb_text disabled_on=&#8221;off|off|off&#8221; _builder_version=&#8221;4.17.6&#8243; _module_preset=&#8221;default&#8221; custom_margin=&#8221;||44px|||&#8221; global_colors_info=&#8221;{}&#8221;]<\/p>\n<h4 style=\"text-align: center;\">ALIANZA COMFAMA<\/h4>\n<p>[\/et_pb_text][et_pb_button button_url=&#8221;#BENEFICIOS-COMFAMA&#8221; button_text=&#8221;M\u00e1s informaci\u00f3n&#8221; button_alignment=&#8221;center&#8221; disabled_on=&#8221;off|off|off&#8221; _builder_version=&#8221;4.17.6&#8243; _module_preset=&#8221;default&#8221; custom_button=&#8221;on&#8221; button_text_size=&#8221;17px&#8221; button_text_color=&#8221;#FFFFFF&#8221; button_bg_color=&#8221;#E02B20&#8243; button_border_radius=&#8221;100px&#8221; animation_style=&#8221;fade&#8221; global_colors_info=&#8221;{}&#8221;][\/et_pb_button][\/et_pb_column][et_pb_column type=&#8221;1_4&#8243; _builder_version=&#8221;4.17.4&#8243; _module_preset=&#8221;default&#8221; global_colors_info=&#8221;{}&#8221;][et_pb_image src=&#8221;http:\/\/educacion.crantioquia.org.co\/wp-content\/uploads\/2022\/10\/EPM.png&#8221; title_text=&#8221;EPM&#8221; url=&#8221;#BENEFICIOS-FONDO-EMPLEADOS-EPM&#8221; align=&#8221;center&#8221; disabled_on=&#8221;off|off|off&#8221; _builder_version=&#8221;4.18.0&#8243; _module_preset=&#8221;default&#8221; module_alignment=&#8221;center&#8221; height=&#8221;80px&#8221; global_colors_info=&#8221;{}&#8221;][\/et_pb_image][et_pb_text disabled_on=&#8221;off|off|off&#8221; _builder_version=&#8221;4.18.0&#8243; _module_preset=&#8221;default&#8221; width=&#8221;100%&#8221; min_height=&#8221;72px&#8221; custom_margin=&#8221;0px|0px|9px|0px|false|false&#8221; custom_padding=&#8221;0px|0px||0px|false|false&#8221; global_colors_info=&#8221;{}&#8221;]<\/p>\n<h4 style=\"text-align: center;\">ALIANZA FONDO DE EMPLEADOS GRUPO EPM<\/h4>\n<p>[\/et_pb_text][et_pb_button button_url=&#8221;#BENEFICIOS-FONDO-EMPLEADOS-EPM&#8221; button_text=&#8221;M\u00e1s informaci\u00f3n&#8221; button_alignment=&#8221;center&#8221; disabled_on=&#8221;off|off|off&#8221; _builder_version=&#8221;4.18.0&#8243; _module_preset=&#8221;default&#8221; custom_button=&#8221;on&#8221; button_text_size=&#8221;17px&#8221; button_text_color=&#8221;#FFFFFF&#8221; button_bg_color=&#8221;#E02B20&#8243; button_border_radius=&#8221;100px&#8221; animation_style=&#8221;fade&#8221; global_colors_info=&#8221;{}&#8221;][\/et_pb_button][\/et_pb_column][et_pb_column type=&#8221;1_4&#8243; _builder_version=&#8221;4.17.4&#8243; _module_preset=&#8221;default&#8221; global_colors_info=&#8221;{}&#8221;][\/et_pb_column][\/et_pb_row][\/et_pb_section][et_pb_section fb_built=&#8221;1&#8243; admin_label=&#8221;Popup &#8211; #BENEFICIOS-COMFENALCO&#8221; module_id=&#8221;BENEFICIOS-COMFENALCO&#8221; module_class=&#8221;popup&#8221; _builder_version=&#8221;4.20.4&#8243; _module_preset=&#8221;default&#8221; width=&#8221;60.1%&#8221; width_tablet=&#8221;60.1%&#8221; width_phone=&#8221;94.2%&#8221; width_last_edited=&#8221;on|phone&#8221; hover_enabled=&#8221;0&#8243; da_is_popup=&#8221;on&#8221; da_popup_slug=&#8221;BENEFICIOS-COMFENALCO&#8221; da_disable_devices=&#8221;off|off|off&#8221; global_colors_info=&#8221;{}&#8221; sticky_enabled=&#8221;0&#8243; da_exit_intent=&#8221;off&#8221; da_has_close=&#8221;on&#8221; da_alt_close=&#8221;off&#8221; da_dark_close=&#8221;off&#8221; da_not_modal=&#8221;on&#8221; da_is_singular=&#8221;off&#8221; da_with_loader=&#8221;off&#8221; da_has_shadow=&#8221;on&#8221;][et_pb_row _builder_version=&#8221;4.17.6&#8243; _module_preset=&#8221;default&#8221; global_colors_info=&#8221;{}&#8221;][et_pb_column type=&#8221;4_4&#8243; _builder_version=&#8221;4.17.6&#8243; _module_preset=&#8221;default&#8221; global_colors_info=&#8221;{}&#8221;][et_pb_text _builder_version=&#8221;4.17.6&#8243; _module_preset=&#8221;default&#8221; global_colors_info=&#8221;{}&#8221;]<\/p>\n<h2>Beneficio especial para afiliados Comfenalco<\/h2>\n<p>[\/et_pb_text][\/et_pb_column][\/et_pb_row][et_pb_row column_structure=&#8221;1_2,1_2&#8243; _builder_version=&#8221;4.17.6&#8243; _module_preset=&#8221;default&#8221; width_tablet=&#8221;&#8221; width_phone=&#8221;59%&#8221; width_last_edited=&#8221;on|phone&#8221; module_alignment=&#8221;center&#8221; custom_margin=&#8221;|76px|26px|76px||&#8221; custom_padding=&#8221;||1px|||&#8221; global_colors_info=&#8221;{}&#8221;][et_pb_column type=&#8221;1_2&#8243; _builder_version=&#8221;4.17.6&#8243; _module_preset=&#8221;default&#8221; global_colors_info=&#8221;{}&#8221;][et_pb_text _builder_version=&#8221;4.17.6&#8243; _module_preset=&#8221;default&#8221; width=&#8221;90.8%&#8221; min_height=&#8221;0.6px&#8221; global_colors_info=&#8221;{}&#8221;]<\/p>\n<p style=\"text-align: center;\"><img loading=\"lazy\" decoding=\"async\" src=\"http:\/\/educacion.crantioquia.org.co\/wp-content\/uploads\/2022\/07\/descuento-1.png\" width=\"100\" height=\"100\" alt=\"\" class=\"wp-image-1966 alignnone size-full\" \/><\/p>\n<p style=\"text-align: center;\">Inscripci\u00f3n en programas t\u00e9cnicos laborales<\/p>\n<p>[\/et_pb_text][\/et_pb_column][et_pb_column type=&#8221;1_2&#8243; _builder_version=&#8221;4.17.6&#8243; _module_preset=&#8221;default&#8221; global_colors_info=&#8221;{}&#8221;][et_pb_text _builder_version=&#8221;4.17.6&#8243; _module_preset=&#8221;default&#8221; width=&#8221;98%&#8221; min_height=&#8221;0.6px&#8221; global_colors_info=&#8221;{}&#8221;]<\/p>\n<p style=\"text-align: center;\"><img loading=\"lazy\" decoding=\"async\" src=\"http:\/\/educacion.crantioquia.org.co\/wp-content\/uploads\/2022\/07\/descuento-2.png\" width=\"100\" height=\"100\" alt=\"\" class=\"wp-image-1967 alignnone size-full\" \/><\/p>\n<p style=\"text-align: center;\">En matr\u00edculas para t\u00e9cnicos laborales, cursos y diplomados<\/p>\n<p>[\/et_pb_text][\/et_pb_column][\/et_pb_row][et_pb_row _builder_version=&#8221;4.17.6&#8243; _module_preset=&#8221;default&#8221; global_colors_info=&#8221;{}&#8221;][et_pb_column type=&#8221;4_4&#8243; _builder_version=&#8221;4.17.6&#8243; _module_preset=&#8221;default&#8221; global_colors_info=&#8221;{}&#8221;][et_pb_text _builder_version=&#8221;4.17.6&#8243; _module_preset=&#8221;default&#8221; global_colors_info=&#8221;{}&#8221;]<\/p>\n<h3>T\u00e9rminos y Condiciones<\/h3>\n<p>&#8211; El descuento en la inscripci\u00f3n a los programas t\u00e9cnicos laborales se retornar\u00e1 al estudiante al momento de oficializar su matr\u00edcula.<\/p>\n<p>&#8211; Los descuentos se aplicar\u00e1n sobre la tarifa plena vigente de los programas t\u00e9cnicos laborales y de formaci\u00f3n continua publicada en la p\u00e1gina web https:\/\/educaci\u00f3n.crantioquia.org.co<\/p>\n<p>&#8211; Para hacer efectivos los descuentos, el afiliado deber\u00e1 presentar certificado de afiliaci\u00f3n con al menos 30 d\u00edas de expedici\u00f3n y copia de c\u00e9dula.<\/p>\n<p>&#8211; Apertura de programas sujeta a conformaci\u00f3n de grupos.<\/p>\n<p>&#8211; En caso de no lograr la apertura de los programas, se retornar\u00e1 el 100% del dinero pagado por el afiliado, seg\u00fan pol\u00edtica de retorno de dinero de Cruz Roja Antioquia.<\/p>\n<p>&#8211; Al momento de inscribirse a un programa, el afiliado deber\u00e1 notificar a Cruz Roja Antioquia su calidad de afiliado y solicitar el descuento respectivo antes del proceso de pago. No se retornar\u00e1 dinero por parte de Cruz Roja Antioquia a afiliados que hayan realizado pagos y no hubiesen notificado previamente su calidad de beneficiaros de estos descuentos (incluye la entrega de documentos que lo acrediten como beneficiarios de los mismos).<\/p>\n<p>[\/et_pb_text][\/et_pb_column][\/et_pb_row][\/et_pb_section][et_pb_section fb_built=&#8221;1&#8243; admin_label=&#8221;Popup &#8211; #BENEFICIOS-FONDO-EMPLEADOS-EPM&#8221; module_id=&#8221;BENEFICIOS-FONDO-EMPLEADOS-EPM&#8221; module_class=&#8221;popup&#8221; _builder_version=&#8221;4.18.0&#8243; _module_preset=&#8221;default&#8221; width=&#8221;60.1%&#8221; width_tablet=&#8221;60.1%&#8221; width_phone=&#8221;94.2%&#8221; width_last_edited=&#8221;on|phone&#8221; da_is_popup=&#8221;on&#8221; da_popup_slug=&#8221;BENEFICIOS-FONDO-EMPLEADOS-EPM&#8221; da_disable_devices=&#8221;off|off|off&#8221; global_colors_info=&#8221;{}&#8221; da_exit_intent=&#8221;off&#8221; da_has_close=&#8221;on&#8221; da_alt_close=&#8221;off&#8221; da_dark_close=&#8221;off&#8221; da_not_modal=&#8221;on&#8221; da_is_singular=&#8221;off&#8221; da_with_loader=&#8221;off&#8221; da_has_shadow=&#8221;on&#8221;][et_pb_row _builder_version=&#8221;4.17.6&#8243; _module_preset=&#8221;default&#8221; global_colors_info=&#8221;{}&#8221;][et_pb_column type=&#8221;4_4&#8243; _builder_version=&#8221;4.17.6&#8243; _module_preset=&#8221;default&#8221; global_colors_info=&#8221;{}&#8221;][et_pb_text _builder_version=&#8221;4.18.0&#8243; _module_preset=&#8221;default&#8221; global_colors_info=&#8221;{}&#8221;]<\/p>\n<h2>Beneficio especial para Fondo de empleados Grupo EPM<\/h2>\n<p>[\/et_pb_text][\/et_pb_column][\/et_pb_row][et_pb_row column_structure=&#8221;1_2,1_2&#8243; _builder_version=&#8221;4.17.6&#8243; _module_preset=&#8221;default&#8221; width_tablet=&#8221;&#8221; width_phone=&#8221;59%&#8221; width_last_edited=&#8221;on|phone&#8221; module_alignment=&#8221;center&#8221; custom_margin=&#8221;|76px|26px|76px||&#8221; custom_padding=&#8221;||1px|||&#8221; global_colors_info=&#8221;{}&#8221;][et_pb_column type=&#8221;1_2&#8243; _builder_version=&#8221;4.17.6&#8243; _module_preset=&#8221;default&#8221; global_colors_info=&#8221;{}&#8221;][et_pb_text _builder_version=&#8221;4.17.6&#8243; _module_preset=&#8221;default&#8221; width=&#8221;90.8%&#8221; min_height=&#8221;0.6px&#8221; global_colors_info=&#8221;{}&#8221;]<\/p>\n<p style=\"text-align: center;\"><img loading=\"lazy\" decoding=\"async\" src=\"http:\/\/educacion.crantioquia.org.co\/wp-content\/uploads\/2022\/07\/descuento-1.png\" width=\"100\" height=\"100\" alt=\"\" class=\"wp-image-1966 alignnone size-full\" \/><\/p>\n<p style=\"text-align: center;\">Inscripci\u00f3n en programas t\u00e9cnicos laborales<\/p>\n<p>[\/et_pb_text][\/et_pb_column][et_pb_column type=&#8221;1_2&#8243; _builder_version=&#8221;4.17.6&#8243; _module_preset=&#8221;default&#8221; global_colors_info=&#8221;{}&#8221;][et_pb_text _builder_version=&#8221;4.17.6&#8243; _module_preset=&#8221;default&#8221; width=&#8221;98%&#8221; min_height=&#8221;0.6px&#8221; global_colors_info=&#8221;{}&#8221;]<\/p>\n<p style=\"text-align: center;\"><img loading=\"lazy\" decoding=\"async\" src=\"http:\/\/educacion.crantioquia.org.co\/wp-content\/uploads\/2022\/07\/descuento-2.png\" width=\"100\" height=\"100\" alt=\"\" class=\"wp-image-1967 alignnone size-full\" \/><\/p>\n<p style=\"text-align: center;\">En matr\u00edculas para t\u00e9cnicos laborales, cursos y diplomados<\/p>\n<p>[\/et_pb_text][\/et_pb_column][\/et_pb_row][et_pb_row _builder_version=&#8221;4.17.6&#8243; _module_preset=&#8221;default&#8221; global_colors_info=&#8221;{}&#8221;][et_pb_column type=&#8221;4_4&#8243; _builder_version=&#8221;4.17.6&#8243; _module_preset=&#8221;default&#8221; global_colors_info=&#8221;{}&#8221;][et_pb_text _builder_version=&#8221;4.17.6&#8243; _module_preset=&#8221;default&#8221; global_colors_info=&#8221;{}&#8221;]<\/p>\n<h3>T\u00e9rminos y Condiciones<\/h3>\n<p>&#8211; El descuento en la inscripci\u00f3n a los programas t\u00e9cnicos laborales se retornar\u00e1 al estudiante al momento de oficializar su matr\u00edcula.<\/p>\n<p>&#8211; Los descuentos se aplicar\u00e1n sobre la tarifa plena vigente de los programas t\u00e9cnicos laborales y de formaci\u00f3n continua publicada en la p\u00e1gina web https:\/\/educaci\u00f3n.crantioquia.org.co<\/p>\n<p>&#8211; Para hacer efectivos los descuentos, el beneficiario deber\u00e1 presentar certificado de afiliaci\u00f3n con al menos 30 d\u00edas de expedici\u00f3n y copia de c\u00e9dula.<\/p>\n<p>&#8211; Apertura de programas sujeta a conformaci\u00f3n de grupos.<\/p>\n<p>&#8211; En caso de no lograr la apertura de los programas, se retornar\u00e1 el 100% del dinero pagado por el beneficiario, seg\u00fan pol\u00edtica de retorno de dinero de Cruz Roja Antioquia.<\/p>\n<p>&#8211; Al momento de inscribirse a un programa, el beneficiario deber\u00e1 notificar a Cruz Roja Antioquia su calidad de beneficiario y solicitar el descuento respectivo antes del proceso de pago. No se retornar\u00e1 dinero por parte de Cruz Roja Antioquia a beneficiario que hayan realizado pagos y no hubiesen notificado previamente su calidad de beneficiaros de estos descuentos (incluye la entrega de documentos que lo acrediten como beneficiarios de los mismos).<\/p>\n<p>[DESCUENTO DEL 5% EN BOTIQUINES Y CAMILLAS CRUZ ROJA ANTIOQUIA, INGRESA AQU\u00cd <a href=\"https:\/\/tienda.crantioquia.org.co\/categoria-primeros_auxilios-botiquines\">https:\/\/tienda.crantioquia.org.co\/categoria-primeros_auxilios-botiquines<\/a> PARA CONOCER NUESTRO CAT\u00c1LOGO]<\/p>\n<p>[\/et_pb_text][\/et_pb_column][\/et_pb_row][\/et_pb_section][et_pb_section fb_built=&#8221;1&#8243; admin_label=&#8221;Popup &#8211; #BENEFICIOS-COMFAMA&#8221; module_id=&#8221;BENEFICIOS-COMFAMA&#8221; module_class=&#8221;popup&#8221; _builder_version=&#8221;4.17.6&#8243; _module_preset=&#8221;default&#8221; width=&#8221;60.1%&#8221; da_is_popup=&#8221;on&#8221; da_popup_slug=&#8221;BENEFICIOS-COMFAMA&#8221; da_disable_devices=&#8221;off|off|off&#8221; global_colors_info=&#8221;{}&#8221; da_exit_intent=&#8221;off&#8221; da_has_close=&#8221;on&#8221; da_alt_close=&#8221;off&#8221; da_dark_close=&#8221;off&#8221; da_not_modal=&#8221;on&#8221; da_is_singular=&#8221;off&#8221; da_with_loader=&#8221;off&#8221; da_has_shadow=&#8221;on&#8221;][et_pb_row _builder_version=&#8221;4.17.6&#8243; _module_preset=&#8221;default&#8221; global_colors_info=&#8221;{}&#8221;][et_pb_column type=&#8221;4_4&#8243; _builder_version=&#8221;4.17.6&#8243; _module_preset=&#8221;default&#8221; global_colors_info=&#8221;{}&#8221;][et_pb_text _builder_version=&#8221;4.17.6&#8243; _module_preset=&#8221;default&#8221; global_colors_info=&#8221;{}&#8221;]<\/p>\n<h2>Beneficio especial para afiliados Comfama<\/h2>\n<p>[\/et_pb_text][\/et_pb_column][\/et_pb_row][et_pb_row column_structure=&#8221;1_2,1_2&#8243; _builder_version=&#8221;4.17.6&#8243; _module_preset=&#8221;default&#8221; custom_margin=&#8221;|76px|26px|76px||&#8221; custom_padding=&#8221;||1px|||&#8221; global_colors_info=&#8221;{}&#8221;][et_pb_column type=&#8221;1_2&#8243; _builder_version=&#8221;4.17.6&#8243; _module_preset=&#8221;default&#8221; global_colors_info=&#8221;{}&#8221;][et_pb_text _builder_version=&#8221;4.17.6&#8243; _module_preset=&#8221;default&#8221; width=&#8221;90.8%&#8221; min_height=&#8221;0.6px&#8221; global_colors_info=&#8221;{}&#8221;]<\/p>\n<p style=\"text-align: center;\"><img loading=\"lazy\" decoding=\"async\" src=\"http:\/\/educacion.crantioquia.org.co\/wp-content\/uploads\/2022\/07\/descuento-1.png\" width=\"100\" height=\"100\" alt=\"\" class=\"wp-image-1966 alignnone size-full\" \/><\/p>\n<p style=\"text-align: center;\">Inscripci\u00f3n en programas t\u00e9cnicos laborales<\/p>\n<p>[\/et_pb_text][\/et_pb_column][et_pb_column type=&#8221;1_2&#8243; _builder_version=&#8221;4.17.6&#8243; _module_preset=&#8221;default&#8221; global_colors_info=&#8221;{}&#8221;][et_pb_text _builder_version=&#8221;4.17.6&#8243; _module_preset=&#8221;default&#8221; width=&#8221;98%&#8221; min_height=&#8221;0.6px&#8221; global_colors_info=&#8221;{}&#8221;]<\/p>\n<p style=\"text-align: center;\"><img loading=\"lazy\" decoding=\"async\" src=\"http:\/\/educacion.crantioquia.org.co\/wp-content\/uploads\/2022\/07\/descuento-2.png\" width=\"100\" height=\"100\" alt=\"\" class=\"wp-image-1967 alignnone size-full\" \/><\/p>\n<p style=\"text-align: center;\">En matr\u00edculas para t\u00e9cnicos laborales, cursos y diplomados<\/p>\n<p>[\/et_pb_text][\/et_pb_column][\/et_pb_row][et_pb_row _builder_version=&#8221;4.17.6&#8243; _module_preset=&#8221;default&#8221; global_colors_info=&#8221;{}&#8221;][et_pb_column type=&#8221;4_4&#8243; _builder_version=&#8221;4.17.6&#8243; _module_preset=&#8221;default&#8221; global_colors_info=&#8221;{}&#8221;][et_pb_text _builder_version=&#8221;4.17.6&#8243; _module_preset=&#8221;default&#8221; global_colors_info=&#8221;{}&#8221;]<\/p>\n<h3>T\u00e9rminos y Condiciones<\/h3>\n<p>&#8211; El descuento en la inscripci\u00f3n a los programas t\u00e9cnicos laborales se retornar\u00e1 al estudiante al momento de oficializar su matr\u00edcula.<\/p>\n<p>&#8211; Los descuentos se aplicar\u00e1n sobre la tarifa plena vigente de los programas t\u00e9cnicos laborales y de formaci\u00f3n continua publicada en la p\u00e1gina web https:\/\/educaci\u00f3n.crantioquia.org.co<\/p>\n<p>&#8211; Para hacer efectivos los descuentos, el afiliado deber\u00e1 presentar certificado de afiliaci\u00f3n con al menos 30 d\u00edas de expedici\u00f3n y copia de c\u00e9dula.<\/p>\n<p>&#8211; Apertura de programas sujeta a conformaci\u00f3n de grupos.<\/p>\n<p>&#8211; En caso de no lograr la apertura de los programas, se retornar\u00e1 el 100% del dinero pagado por el afiliado, seg\u00fan pol\u00edtica de retorno de dinero de Cruz Roja Antioquia.<\/p>\n<p>&#8211; Al momento de inscribirse a un programa, el afiliado deber\u00e1 notificar a Cruz Roja Antioquia su calidad de afiliado y solicitar el descuento respectivo antes del proceso de pago. No se retornar\u00e1 dinero por parte de Cruz Roja Antioquia a afiliados que hayan realizado pagos y no hubiesen notificado previamente su calidad de beneficiaros de estos descuentos (incluye la entrega de documentos que lo acrediten como beneficiarios de los mismos).<\/p>\n<p>[DESCUENTO DEL 8% EN BOTIQUINES Y CAMILLAS CRUZ ROJA ANTIOQUIA, INGRESA AQU\u00cd <a href=\"https:\/\/tienda.crantioquia.org.co\/categoria-primeros_auxilios-botiquines\">https:\/\/tienda.crantioquia.org.co\/categoria-primeros_auxilios-botiquines<\/a> PARA CONOCER NUESTRO CAT\u00c1LOGO]<\/p>\n<p>&nbsp;<\/p>\n<p>[\/et_pb_text][\/et_pb_column][\/et_pb_row][\/et_pb_section][et_pb_section fb_built=&#8221;1&#8243; fullwidth=&#8221;on&#8221; admin_label=&#8221;Footer&#8221; _builder_version=&#8221;4.16&#8243; da_disable_devices=&#8221;off|off|off&#8221; global_colors_info=&#8221;{}&#8221; da_is_popup=&#8221;off&#8221; da_exit_intent=&#8221;off&#8221; da_has_close=&#8221;on&#8221; da_alt_close=&#8221;off&#8221; da_dark_close=&#8221;off&#8221; da_not_modal=&#8221;on&#8221; da_is_singular=&#8221;off&#8221; da_with_loader=&#8221;off&#8221; da_has_shadow=&#8221;on&#8221;][et_pb_fullwidth_header title=&#8221;Transformamos personas, profesionales, comunidades y organizaciones a trav\u00e9s de la educaci\u00f3n&#8221; text_orientation=&#8221;center&#8221; button_one_text=&#8221;Haz click aqu\u00ed&#8221; button_one_url=&#8221;https:\/\/site5.q10.com\/preinscripcion?aplentId=a692a786-5529-4ddb-abd3-0567eb9bcd79&#8243; content_max_width_phone=&#8221;580px&#8221; content_max_width_last_edited=&#8221;off|desktop&#8221; module_id=&#8221;buttom_footer&#8221; _builder_version=&#8221;4.16&#8243; title_font=&#8221;||||||||&#8221; title_line_height=&#8221;1.3em&#8221; content_font=&#8221;||||||||&#8221; content_font_size=&#8221;18px&#8221; content_line_height=&#8221;2em&#8221; background_color=&#8221;#FFFFFF&#8221; use_background_color_gradient=&#8221;on&#8221; background_color_gradient_stops=&#8221;rgba(255,255,255,0.87) 0%|rgba(255,255,255,0.08) 100%&#8221; background_color_gradient_overlays_image=&#8221;on&#8221; background_color_gradient_start=&#8221;rgba(255,255,255,0.87)&#8221; background_color_gradient_end=&#8221;rgba(255,255,255,0.08)&#8221; background_image=&#8221;http:\/\/educacion.crantioquia.org.co\/wp-content\/uploads\/2021\/09\/footer.png&#8221; background_position=&#8221;bottom_center&#8221; custom_button_one=&#8221;on&#8221; button_one_text_size=&#8221;16px&#8221; button_one_text_color=&#8221;#ffffff&#8221; button_one_bg_color=&#8221;#df0209&#8243; button_one_border_width=&#8221;1px&#8221; button_one_border_color=&#8221;rgba(0,0,0,0)&#8221; button_one_border_radius=&#8221;100px&#8221; button_one_letter_spacing=&#8221;1px&#8221; button_one_font=&#8221;|700||on|||||&#8221; button_one_custom_padding=&#8221;12px|25px|12px|25px|true|true&#8221; custom_button_two=&#8221;on&#8221; button_two_text_size=&#8221;16px&#8221; button_two_text_color=&#8221;#ffffff&#8221; button_two_bg_color=&#8221;#3cb3b3&#8243; button_two_border_width=&#8221;10px&#8221; button_two_border_color=&#8221;rgba(0,0,0,0)&#8221; button_two_border_radius=&#8221;100px&#8221; button_two_letter_spacing=&#8221;1px&#8221; button_two_font=&#8221;|700||on|||||&#8221; background_layout=&#8221;light&#8221; custom_padding=&#8221;100px||160px||false&#8221; custom_padding_tablet=&#8221;&#8221; custom_padding_phone=&#8221;20px||20px||true&#8221; custom_padding_last_edited=&#8221;on|phone&#8221; link_option_url_new_window=&#8221;on&#8221; title_font_size_tablet=&#8221;40px&#8221; title_font_size_phone=&#8221;20px&#8221; title_font_size_last_edited=&#8221;on|phone&#8221; content_font_size_tablet=&#8221;&#8221; content_font_size_phone=&#8221;15px&#8221; content_font_size_last_edited=&#8221;on|phone&#8221; button_one_text_size_tablet=&#8221;&#8221; button_one_text_size_phone=&#8221;12px&#8221; button_one_text_size_last_edited=&#8221;on|phone&#8221; box_shadow_style_button_one=&#8221;preset1&#8243; box_shadow_vertical_button_one=&#8221;10px&#8221; box_shadow_blur_button_one=&#8221;30px&#8221; box_shadow_color_button_one=&#8221;rgba(255,0,8,0.24)&#8221; box_shadow_style_button_two=&#8221;preset1&#8243; box_shadow_vertical_button_two=&#8221;10px&#8221; box_shadow_blur_button_two=&#8221;30px&#8221; box_shadow_color_button_two=&#8221;rgba(60,190,190,0.24)&#8221; button_one_letter_spacing_hover=&#8221;1px&#8221; button_two_letter_spacing_hover=&#8221;1px&#8221; global_colors_info=&#8221;{}&#8221; button_one_text_size__hover_enabled=&#8221;off&#8221; button_two_text_size__hover_enabled=&#8221;off&#8221; button_one_text_color__hover_enabled=&#8221;off&#8221; button_two_text_color__hover_enabled=&#8221;off&#8221; button_one_border_width__hover_enabled=&#8221;off&#8221; button_two_border_width__hover_enabled=&#8221;off&#8221; button_one_border_color__hover_enabled=&#8221;off&#8221; button_two_border_color__hover_enabled=&#8221;off&#8221; button_one_border_radius__hover_enabled=&#8221;off&#8221; button_two_border_radius__hover_enabled=&#8221;off&#8221; button_one_letter_spacing__hover_enabled=&#8221;on&#8221; button_one_letter_spacing__hover=&#8221;1px&#8221; button_two_letter_spacing__hover_enabled=&#8221;on&#8221; button_two_letter_spacing__hover=&#8221;1px&#8221; button_one_bg_color__hover_enabled=&#8221;off&#8221; button_two_bg_color__hover_enabled=&#8221;off&#8221;][\/et_pb_fullwidth_header][\/et_pb_section]<\/p>\n","protected":false},"excerpt":{"rendered":"<p>Beneficios Corporativos Conoce aqu\u00ed las empresas e instituciones con las que tenemos convenios y\/o alianzas pensadas en tu bienestar y crecimiento.ALIANZA COMFENALCOALIANZA COMFAMAALIANZA FONDO DE EMPLEADOS GRUPO EPMBeneficio especial para afiliados Comfenalco Inscripci\u00f3n en programas t\u00e9cnicos laborales En matr\u00edculas para t\u00e9cnicos laborales, cursos y diplomadosT\u00e9rminos y Condiciones &#8211; El descuento en la inscripci\u00f3n a los [&hellip;]<\/p>\n","protected":false},"author":1,"featured_media":0,"parent":0,"menu_order":0,"comment_status":"closed","ping_status":"closed","template":"","meta":{"_et_pb_use_builder":"on","_et_pb_old_content":"<!-- wp:divi\/placeholder \/-->","_et_gb_content_width":"","footnotes":""},"class_list":["post-1921","page","type-page","status-publish","hentry"],"aioseo_notices":[],"_links":{"self":[{"href":"https:\/\/educacion.crantioquia.org.co\/index.php\/wp-json\/wp\/v2\/pages\/1921","targetHints":{"allow":["GET"]}}],"collection":[{"href":"https:\/\/educacion.crantioquia.org.co\/index.php\/wp-json\/wp\/v2\/pages"}],"about":[{"href":"https:\/\/educacion.crantioquia.org.co\/index.php\/wp-json\/wp\/v2\/types\/page"}],"author":[{"embeddable":true,"href":"https:\/\/educacion.crantioquia.org.co\/index.php\/wp-json\/wp\/v2\/users\/1"}],"replies":[{"embeddable":true,"href":"https:\/\/educacion.crantioquia.org.co\/index.php\/wp-json\/wp\/v2\/comments?post=1921"}],"version-history":[{"count":76,"href":"https:\/\/educacion.crantioquia.org.co\/index.php\/wp-json\/wp\/v2\/pages\/1921\/revisions"}],"predecessor-version":[{"id":2567,"href":"https:\/\/educacion.crantioquia.org.co\/index.php\/wp-json\/wp\/v2\/pages\/1921\/revisions\/2567"}],"wp:attachment":[{"href":"https:\/\/educacion.crantioquia.org.co\/index.php\/wp-json\/wp\/v2\/media?parent=1921"}],"curies":[{"name":"wp","href":"https:\/\/api.w.org\/{rel}","templated":true}]}}